{"id":279,"date":"2023-12-04T15:27:50","date_gmt":"2023-12-04T14:27:50","guid":{"rendered":"https:\/\/gemaeldegalerie.dessau-rosslau.de\/?page_id=279"},"modified":"2025-08-08T20:29:59","modified_gmt":"2025-08-08T18:29:59","slug":"vermittlung","status":"publish","type":"page","link":"https:\/\/gemaeldegalerie.dessau-rosslau.de\/?page_id=279","title":{"rendered":"Vermittlung"},"content":{"rendered":"\t\t<div data-elementor-type=\"wp-page\" data-elementor-id=\"279\" class=\"elementor elementor-279\" data-elementor-post-type=\"page\">\n\t\t\t\t\t\t\t<div class=\"elementor-element elementor-element-8ca037a e-flex e-con-boxed e-con e-parent\" data-id=\"8ca037a\" data-element_type=\"container\" data-settings=\"{&quot;content_width&quot;:&quot;boxed&quot;}\" data-core-v316-plus=\"true\">\n\t\t\t\t\t<div class=\"e-con-inner\">\n\t\t\t\t\t<\/div>\n\t\t\t\t<\/div>\n\t\t<div class=\"elementor-element elementor-element-805ab09 e-flex e-con-boxed e-con e-parent\" data-id=\"805ab09\" data-element_type=\"container\" data-settings=\"{&quot;content_width&quot;:&quot;boxed&quot;}\" data-core-v316-plus=\"true\">\n\t\t\t\t\t<div class=\"e-con-inner\">\n\t\t\t\t<div class=\"elementor-element elementor-element-06cd303 elementor-widget elementor-widget-text-editor\" data-id=\"06cd303\" data-element_type=\"widget\" data-widget_type=\"text-editor.default\">\n\t\t\t\t<div class=\"elementor-widget-container\">\n\t\t\t<style>\/*! elementor - v3.17.0 - 08-11-2023 *\/\n.elementor-widget-text-editor.elementor-drop-cap-view-stacked .elementor-drop-cap{background-color:#69727d;color:#fff}.elementor-widget-text-editor.elementor-drop-cap-view-framed .elementor-drop-cap{color:#69727d;border:3px solid;background-color:transparent}.elementor-widget-text-editor:not(.elementor-drop-cap-view-default) .elementor-drop-cap{margin-top:8px}.elementor-widget-text-editor:not(.elementor-drop-cap-view-default) .elementor-drop-cap-letter{width:1em;height:1em}.elementor-widget-text-editor .elementor-drop-cap{float:left;text-align:center;line-height:1;font-size:50px}.elementor-widget-text-editor .elementor-drop-cap-letter{display:inline-block}<\/style>\t\t\t\t<p>Die Anhaltische Gem\u00e4ldegalerie Dessau m\u00f6chte mit einem vielf\u00e4ltigen Vermittlungsprogramm alle Menschen ansprechen. Mit Angeboten f\u00fcr Familien, f\u00fcr Kinder und Jugendliche sowie f\u00fcr Erwachsene soll ein Zugang zur Kunst geschaffen, Verkn\u00fcpfungen zur eigenen Lebenswelt hergestellt und zu eigenen Gedanken und zum kreativen und k\u00fcnstlerischen Schaffen angeregt werden. Die Begegnung mit Kunst soll Freude machen und zum Dialog einladen.<\/p>\t\t\t\t\t\t<\/div>\n\t\t\t\t<\/div>\n\t\t\t\t\t<\/div>\n\t\t\t\t<\/div>\n\t\t<div class=\"elementor-element elementor-element-daa31bc e-con-full e-flex e-con e-parent\" data-id=\"daa31bc\" data-element_type=\"container\" data-settings=\"{&quot;content_width&quot;:&quot;full&quot;}\" data-core-v316-plus=\"true\">\n\t\t\t\t<div class=\"elementor-element elementor-element-60637d2 elementor-widget elementor-widget-text-editor\" data-id=\"60637d2\" data-element_type=\"widget\" data-widget_type=\"text-editor.default\">\n\t\t\t\t<div class=\"elementor-widget-container\">\n\t\t\t\t\t\t\t<p><strong>GRUPPENF\u00dcHRUNGEN<\/strong><\/p><p>Die klassische Gruppenf\u00fchrung f\u00fchrt zu den H\u00f6hepunkten der Dauerausstellung im Schloss Georgium und dauert ungef\u00e4hr 45 Minuten. Auf allen drei Ausstellungsebenen werden Hauptwerke der Gem\u00e4ldegalerie n\u00e4her vorgestellt und es besteht die M\u00f6glichkeit, Fragen zu stellen sowie die Sammlung dann selbst\u00e4ndig weiter zu erkunden. Damit in den teilweise kleinen R\u00e4umen auch alle etwas sehen k\u00f6nnen, ist die Gruppengr\u00f6\u00dfe auf 15 Personen beschr\u00e4nkt. Eine Buchung sollte m\u00f6glichst mindestens 14 Tage vor dem gew\u00fcnschten Termin mit der Angabe der Gruppengr\u00f6\u00dfe erfolgen. Es k\u00f6nnen auch Themenf\u00fchrungen f\u00fcr Gruppen gebucht werden, welche sich mit Spezialaspekten wie der Geschichte von Schloss und Garten befassen.<\/p><p><strong>\u00d6FFENTLICHE F\u00dcHRUNGEN<\/strong><\/p><p>Die \u00f6ffentlichen F\u00fchrungen werden zu festen Terminen angeboten und sind offen f\u00fcr alle individuellen Besucherinnen und Besucher. Sie sind entweder als klassische F\u00fchrung zu den H\u00f6hepunkten der Dauerausstellung angelegt oder als Themenf\u00fchrung, welche einen besonderen Aspekt der Sammlung oder eine Sonderausstellung n\u00e4her beleuchtet.<\/p>\t\t\t\t\t\t<\/div>\n\t\t\t\t<\/div>\n\t\t\t\t<\/div>\n\t\t<div class=\"elementor-element elementor-element-1d18ff2 e-flex e-con-boxed e-con e-parent\" data-id=\"1d18ff2\" data-element_type=\"container\" data-settings=\"{&quot;content_width&quot;:&quot;boxed&quot;}\" data-core-v316-plus=\"true\">\n\t\t\t\t\t<div class=\"e-con-inner\">\n\t\t\t\t<div class=\"elementor-element elementor-element-3e096ad elementor-widget elementor-widget-heading\" data-id=\"3e096ad\" data-element_type=\"widget\" data-widget_type=\"heading.default\">\n\t\t\t\t<div class=\"elementor-widget-container\">\n\t\t\t<style>\/*! elementor - v3.17.0 - 08-11-2023 *\/\n.elementor-heading-title{padding:0;margin:0;line-height:1}.elementor-widget-heading .elementor-heading-title[class*=elementor-size-]>a{color:inherit;font-size:inherit;line-height:inherit}.elementor-widget-heading .elementor-heading-title.elementor-size-small{font-size:15px}.elementor-widget-heading .elementor-heading-title.elementor-size-medium{font-size:19px}.elementor-widget-heading .elementor-heading-title.elementor-size-large{font-size:29px}.elementor-widget-heading .elementor-heading-title.elementor-size-xl{font-size:39px}.elementor-widget-heading .elementor-heading-title.elementor-size-xxl{font-size:59px}<\/style><h2 class=\"elementor-heading-title elementor-size-default\">ANGEBOTE F\u00dcR Bildungseinrichtungen<\/h2>\t\t<\/div>\n\t\t\t\t<\/div>\n\t\t\t\t\t<\/div>\n\t\t\t\t<\/div>\n\t\t<div class=\"elementor-element elementor-element-00c3e66 e-flex e-con-boxed e-con e-parent\" data-id=\"00c3e66\" data-element_type=\"container\" data-settings=\"{&quot;content_width&quot;:&quot;boxed&quot;}\" data-core-v316-plus=\"true\">\n\t\t\t\t\t<div class=\"e-con-inner\">\n\t\t\t\t<div class=\"elementor-element elementor-element-a65cebb elementor-widget elementor-widget-text-editor\" data-id=\"a65cebb\" data-element_type=\"widget\" data-widget_type=\"text-editor.default\">\n\t\t\t\t<div class=\"elementor-widget-container\">\n\t\t\t\t\t\t\t<p>Die Gem\u00e4ldegalerie bietet ein umfassendes Programm mit Workshops und F\u00fchrungen f\u00fcr Bildungseinrichtungen an. Das aktuelle Vermittlungsprogramm f\u00fcr das Schuljahr 2025\/2026 finden Sie hier <a href=\"https:\/\/owncloud.dessau.de\/index.php\/s\/yYQAr5kgPyyzAxL\">https:\/\/owncloud.dessau.de\/index.php\/s\/yYQAr5kgPyyzAxL<\/a> <\/p><p>F\u00fcr weitere Fragen und Informationen wenden Sie sich an Sophia Wiest, Museumsp\u00e4dagogin der Anhaltischen Gem\u00e4ldegalerie gemaeldegalerie@dessau-rosslau.de<\/p>\t\t\t\t\t\t<\/div>\n\t\t\t\t<\/div>\n\t\t\t\t\t<\/div>\n\t\t\t\t<\/div>\n\t\t<div class=\"elementor-element elementor-element-d5e291f e-con-full e-flex e-con e-parent\" data-id=\"d5e291f\" data-element_type=\"container\" data-settings=\"{&quot;content_width&quot;:&quot;full&quot;}\" data-core-v316-plus=\"true\">\n\t\t<div class=\"elementor-element elementor-element-74f7d19 e-con-full e-flex e-con e-child\" data-id=\"74f7d19\" data-element_type=\"container\" data-settings=\"{&quot;content_width&quot;:&quot;full&quot;}\">\n\t\t<div class=\"elementor-element elementor-element-c017476 e-flex e-con-boxed e-con e-child\" data-id=\"c017476\" data-element_type=\"container\" data-settings=\"{&quot;content_width&quot;:&quot;boxed&quot;}\">\n\t\t\t\t\t<div class=\"e-con-inner\">\n\t\t<div class=\"elementor-element elementor-element-518f0c7 e-flex e-con-boxed e-con e-child\" data-id=\"518f0c7\" data-element_type=\"container\" data-settings=\"{&quot;content_width&quot;:&quot;boxed&quot;}\">\n\t\t\t\t\t<div class=\"e-con-inner\">\n\t\t\t\t<div class=\"elementor-element elementor-element-8dd6c07 elementor-widget elementor-widget-heading\" data-id=\"8dd6c07\" data-element_type=\"widget\" data-widget_type=\"heading.default\">\n\t\t\t\t<div class=\"elementor-widget-container\">\n\t\t\t<h2 class=\"elementor-heading-title elementor-size-default\">Angebote f\u00fcr Kinder<\/h2>\t\t<\/div>\n\t\t\t\t<\/div>\n\t\t\t\t\t<\/div>\n\t\t\t\t<\/div>\n\t\t\t\t\t<\/div>\n\t\t\t\t<\/div>\n\t\t\t\t<\/div>\n\t\t\t\t<\/div>\n\t\t<div class=\"elementor-element elementor-element-f22731d e-flex e-con-boxed e-con e-parent\" data-id=\"f22731d\" data-element_type=\"container\" data-settings=\"{&quot;content_width&quot;:&quot;boxed&quot;}\" data-core-v316-plus=\"true\">\n\t\t\t\t\t<div class=\"e-con-inner\">\n\t\t\t\t<div class=\"elementor-element elementor-element-d6db2cd elementor-widget elementor-widget-text-editor\" data-id=\"d6db2cd\" data-element_type=\"widget\" data-widget_type=\"text-editor.default\">\n\t\t\t\t<div class=\"elementor-widget-container\">\n\t\t\t\t\t\t\t<p><strong>KUNST IM PARK<\/strong><\/p><p>Kunst im Park richtet sich an Kinder ab 4 Jahren, die gemeinsam mit einer erwachsenen Begleitperson die Gem\u00e4ldegalerie entdecken und selbst kreativ werden wollen. Die Veranstaltung \u00a0findet einmal im Monat am Sonntag statt. Gemeinsam betrachten wir Kunstwerke zu einem bestimmten Thema und lassen uns schlie\u00dflich im Blumengartenhaus zu eigenen Kunstwerken inspirieren.<\/p>\t\t\t\t\t\t<\/div>\n\t\t\t\t<\/div>\n\t\t\t\t<div class=\"elementor-element elementor-element-7748f45 elementor-widget elementor-widget-text-editor\" data-id=\"7748f45\" data-element_type=\"widget\" data-widget_type=\"text-editor.default\">\n\t\t\t\t<div class=\"elementor-widget-container\">\n\t\t\t\t\t\t\t<p><strong>ICH ZEICHNE MIR EIN TIER<\/strong><\/p><p>Alle zwei Monate am Samstag von 14:00 \u2013 17:00 Uhr findet der gemeinsame Workshop der Anhaltischen Gem\u00e4ldegalerie und des Tierparks Dessau statt. Der Workshop richtet sich an alle Kinder ab 7 Jahren, die gerne zeichnen und sich f\u00fcr Tiere begeistern. Gemeinsam werden tierische Darstellungen in der der Gem\u00e4ldegalerie unter die Lupe genommen und ihre besonderen Merkmale und Lebensweisen im Tierpark erforscht. Mit dem Stift werden die Tiere zeichnerisch festgehalten.<\/p>\t\t\t\t\t\t<\/div>\n\t\t\t\t<\/div>\n\t\t\t\t\t<\/div>\n\t\t\t\t<\/div>\n\t\t<div class=\"elementor-element elementor-element-0bb292d e-flex e-con-boxed e-con e-parent\" data-id=\"0bb292d\" data-element_type=\"container\" data-settings=\"{&quot;content_width&quot;:&quot;boxed&quot;}\" data-core-v316-plus=\"true\">\n\t\t\t\t\t<div class=\"e-con-inner\">\n\t\t\t\t<div class=\"elementor-element elementor-element-12c6ada elementor-widget elementor-widget-heading\" data-id=\"12c6ada\" data-element_type=\"widget\" data-widget_type=\"heading.default\">\n\t\t\t\t<div class=\"elementor-widget-container\">\n\t\t\t<h2 class=\"elementor-heading-title elementor-size-default\">ANGEBOTE F\u00dcR ERWACHSENE<\/h2>\t\t<\/div>\n\t\t\t\t<\/div>\n\t\t\t\t\t<\/div>\n\t\t\t\t<\/div>\n\t\t<div class=\"elementor-element elementor-element-8210464 e-flex e-con-boxed e-con e-parent\" data-id=\"8210464\" data-element_type=\"container\" data-settings=\"{&quot;content_width&quot;:&quot;boxed&quot;}\" data-core-v316-plus=\"true\">\n\t\t\t\t\t<div class=\"e-con-inner\">\n\t\t\t\t<div class=\"elementor-element elementor-element-95f7f7c elementor-widget elementor-widget-text-editor\" data-id=\"95f7f7c\" data-element_type=\"widget\" data-widget_type=\"text-editor.default\">\n\t\t\t\t<div class=\"elementor-widget-container\">\n\t\t\t\t\t\t\t<p><strong>KUNST AM NACHMITTAG<\/strong><\/p><p>Kunst am Nachmittag richtet sich an Erwachsene und findet einmal im Monat an einem Mittwoch von 14:00 \u2013 16.00 Uhr statt. Unter einem bestimmten Thema werden in der Gem\u00e4ldegalerie gemeinsam ausgew\u00e4hlte Kunstwerke betrachtet, die im Anschluss zum eigenen Experimentieren mit verschiedenen k\u00fcnstlerischen und kreativen Techniken anregen.<\/p>\t\t\t\t\t\t<\/div>\n\t\t\t\t<\/div>\n\t\t\t\t\t<\/div>\n\t\t\t\t<\/div>\n\t\t<div class=\"elementor-element elementor-element-2354687 e-flex e-con-boxed e-con e-parent\" data-id=\"2354687\" data-element_type=\"container\" data-settings=\"{&quot;content_width&quot;:&quot;boxed&quot;}\" data-core-v316-plus=\"true\">\n\t\t\t\t\t<div class=\"e-con-inner\">\n\t\t\t\t<div class=\"elementor-element elementor-element-328a7be elementor-widget elementor-widget-text-editor\" data-id=\"328a7be\" data-element_type=\"widget\" data-widget_type=\"text-editor.default\">\n\t\t\t\t<div class=\"elementor-widget-container\">\n\t\t\t\t\t\t\t<p><strong>F\u00fcr F\u00fchrungsanfragen und zur Anmeldung f\u00fcr die Vermittlungsangebote wenden Sie sich bitte an: gemaeldegalerie@dessau-rosslau.de<\/strong><\/p>\t\t\t\t\t\t<\/div>\n\t\t\t\t<\/div>\n\t\t\t\t\t<\/div>\n\t\t\t\t<\/div>\n\t\t\t\t\t\t\t<\/div>\n\t\t","protected":false},"excerpt":{"rendered":"<p>Die Anhaltische Gem\u00e4ldegalerie Dessau m\u00f6chte mit einem vielf\u00e4ltigen Vermittlungsprogramm alle Menschen ansprechen. Mit Angeboten f\u00fcr Familien, f\u00fcr Kinder und Jugendliche sowie f\u00fcr Erwachsene soll ein Zugang zur Kunst geschaffen, Verkn\u00fcpfungen zur eigenen Lebenswelt hergestellt und zu eigenen Gedanken und zum kreativen und k\u00fcnstlerischen Schaffen angeregt werden. Die Begegnung mit Kunst soll Freude machen und zum [&hellip;]<\/p>\n","protected":false},"author":1,"featured_media":0,"parent":0,"menu_order":0,"comment_status":"closed","ping_status":"closed","template":"","meta":{"footnotes":""},"class_list":["post-279","page","type-page","status-publish","hentry"],"_links":{"self":[{"href":"https:\/\/gemaeldegalerie.dessau-rosslau.de\/index.php?rest_route=\/wp\/v2\/pages\/279","targetHints":{"allow":["GET"]}}],"collection":[{"href":"https:\/\/gemaeldegalerie.dessau-rosslau.de\/index.php?rest_route=\/wp\/v2\/pages"}],"about":[{"href":"https:\/\/gemaeldegalerie.dessau-rosslau.de\/index.php?rest_route=\/wp\/v2\/types\/page"}],"author":[{"embeddable":true,"href":"https:\/\/gemaeldegalerie.dessau-rosslau.de\/index.php?rest_route=\/wp\/v2\/users\/1"}],"replies":[{"embeddable":true,"href":"https:\/\/gemaeldegalerie.dessau-rosslau.de\/index.php?rest_route=%2Fwp%2Fv2%2Fcomments&post=279"}],"version-history":[{"count":43,"href":"https:\/\/gemaeldegalerie.dessau-rosslau.de\/index.php?rest_route=\/wp\/v2\/pages\/279\/revisions"}],"predecessor-version":[{"id":1899,"href":"https:\/\/gemaeldegalerie.dessau-rosslau.de\/index.php?rest_route=\/wp\/v2\/pages\/279\/revisions\/1899"}],"wp:attachment":[{"href":"https:\/\/gemaeldegalerie.dessau-rosslau.de\/index.php?rest_route=%2Fwp%2Fv2%2Fmedia&parent=279"}],"curies":[{"name":"wp","href":"https:\/\/api.w.org\/{rel}","templated":true}]}}